{"id":138,"date":"2025-09-02T22:25:34","date_gmt":"2025-09-02T22:25:34","guid":{"rendered":"http:\/\/fernandapolicarpo2025.pt\/fernanda\/?page_id=138"},"modified":"2025-09-06T21:42:42","modified_gmt":"2025-09-06T21:42:42","slug":"equipa","status":"publish","type":"page","link":"https:\/\/fernandapolicarpo2025.pt\/fernanda\/index.php\/equipa\/","title":{"rendered":"EQUIPA"},"content":{"rendered":"\t\t<div data-elementor-type=\"wp-page\" data-elementor-id=\"138\" class=\"elementor elementor-138\" data-elementor-post-type=\"page\">\n\t\t\t\t<div class=\"elementor-element elementor-element-56258d2a e-flex e-con-boxed e-con e-parent\" data-id=\"56258d2a\" data-element_type=\"container\">\n\t\t\t\t\t<div class=\"e-con-inner\">\n\t\t\t\t<div class=\"elementor-element elementor-element-1f9a8b67 elementor-widget elementor-widget-heading\" data-id=\"1f9a8b67\" data-element_type=\"widget\" data-widget_type=\"heading.default\">\n\t\t\t\t\t<h1 class=\"elementor-heading-title elementor-size-default\">C\u00e2mara Municipal<\/h1>\t\t\t\t<\/div>\n\t\t\t\t<div class=\"elementor-element elementor-element-4201cbef elementor-widget elementor-widget-text-editor\" data-id=\"4201cbef\" data-element_type=\"widget\" data-widget_type=\"text-editor.default\">\n\t\t\t\t\t\t\t\t\t<p>APRESENTA\u00c7\u00c3O DOS CANDIDATOS<\/p>\t\t\t\t\t\t\t\t<\/div>\n\t\t\t\t\t<\/div>\n\t\t\t\t<\/div>\n\t\t<div class=\"elementor-element elementor-element-285e6873 e-con-full e-flex e-con e-parent\" data-id=\"285e6873\" data-element_type=\"container\">\n\t\t<div class=\"elementor-element elementor-element-1d08675f e-con-full e-flex e-con e-child\" data-id=\"1d08675f\" data-element_type=\"container\">\n\t\t\t\t<div class=\"elementor-element elementor-element-3aa9bd45 elementor-widget elementor-widget-image\" data-id=\"3aa9bd45\" data-element_type=\"widget\" data-widget_type=\"image.default\">\n\t\t\t\t\t\t\t\t\t\t\t\t\t\t\t<img fetchpriority=\"high\" decoding=\"async\" width=\"800\" height=\"533\" src=\"https:\/\/fernandapolicarpo2025.pt\/fernanda\/wp-content\/uploads\/2025\/09\/fernandaweb-1024x682.webp\" class=\"attachment-large size-large wp-image-170\" alt=\"Fernanda Policarpo\" srcset=\"https:\/\/fernandapolicarpo2025.pt\/fernanda\/wp-content\/uploads\/2025\/09\/fernandaweb-1024x682.webp 1024w, https:\/\/fernandapolicarpo2025.pt\/fernanda\/wp-content\/uploads\/2025\/09\/fernandaweb-300x200.webp 300w, https:\/\/fernandapolicarpo2025.pt\/fernanda\/wp-content\/uploads\/2025\/09\/fernandaweb-768x512.webp 768w, https:\/\/fernandapolicarpo2025.pt\/fernanda\/wp-content\/uploads\/2025\/09\/fernandaweb.webp 1280w\" sizes=\"(max-width: 800px) 100vw, 800px\" \/>\t\t\t\t\t\t\t\t\t\t\t\t\t\t\t<\/div>\n\t\t\t\t<\/div>\n\t\t<div class=\"elementor-element elementor-element-3da6ea7a e-con-full e-flex e-con e-child\" data-id=\"3da6ea7a\" data-element_type=\"container\">\n\t\t\t\t<div class=\"elementor-element elementor-element-71fd0475 elementor-widget elementor-widget-heading\" data-id=\"71fd0475\" data-element_type=\"widget\" data-widget_type=\"heading.default\">\n\t\t\t\t\t<h3 class=\"elementor-heading-title elementor-size-default\">Fernanda Policarpo<\/h3>\t\t\t\t<\/div>\n\t\t\t\t<div class=\"elementor-element elementor-element-17c9a5fc elementor-widget elementor-widget-text-editor\" data-id=\"17c9a5fc\" data-element_type=\"widget\" data-widget_type=\"text-editor.default\">\n\t\t\t\t\t\t\t\t\t<p>Candidata a Presidente da C\u00e2mara Municipal de Nisa.<\/p>\t\t\t\t\t\t\t\t<\/div>\n\t\t\t\t<\/div>\n\t\t\t\t<\/div>\n\t\t<div class=\"elementor-element elementor-element-597a4bf7 e-con-full e-flex e-con e-parent\" data-id=\"597a4bf7\" data-element_type=\"container\">\n\t\t\t\t<div class=\"elementor-element elementor-element-5b2a6d6b elementor-widget elementor-widget-gallery\" data-id=\"5b2a6d6b\" data-element_type=\"widget\" data-settings=\"{&quot;columns&quot;:2,&quot;gap&quot;:{&quot;unit&quot;:&quot;px&quot;,&quot;size&quot;:14,&quot;sizes&quot;:[]},&quot;lazyload&quot;:&quot;yes&quot;,&quot;gallery_layout&quot;:&quot;grid&quot;,&quot;columns_tablet&quot;:2,&quot;columns_mobile&quot;:1,&quot;gap_tablet&quot;:{&quot;unit&quot;:&quot;px&quot;,&quot;size&quot;:10,&quot;sizes&quot;:[]},&quot;gap_mobile&quot;:{&quot;unit&quot;:&quot;px&quot;,&quot;size&quot;:10,&quot;sizes&quot;:[]},&quot;link_to&quot;:&quot;file&quot;,&quot;aspect_ratio&quot;:&quot;3:2&quot;,&quot;overlay_background&quot;:&quot;yes&quot;,&quot;content_hover_animation&quot;:&quot;fade-in&quot;}\" data-widget_type=\"gallery.default\">\n\t\t\t\t<div class=\"elementor-widget-container\">\n\t\t\t\t\t\t\t<div class=\"elementor-gallery__container\">\n\t\t\t\t\t\t\t<a class=\"e-gallery-item elementor-gallery-item elementor-animated-content\" href=\"https:\/\/fernandapolicarpo2025.pt\/fernanda\/wp-content\/uploads\/2025\/09\/place-holder-img1.jpg\" data-elementor-open-lightbox=\"yes\" data-elementor-lightbox-slideshow=\"5b2a6d6b\" data-elementor-lightbox-title=\"place-holder-img1.jpg\" data-e-action-hash=\"#elementor-action%3Aaction%3Dlightbox%26settings%3DeyJpZCI6Mzg5LCJ1cmwiOiJodHRwczpcL1wvZmVybmFuZGFwb2xpY2FycG8yMDI1LnB0XC9mZXJuYW5kYVwvd3AtY29udGVudFwvdXBsb2Fkc1wvMjAyNVwvMDlcL3BsYWNlLWhvbGRlci1pbWcxLmpwZyIsInNsaWRlc2hvdyI6IjViMmE2ZDZiIn0%3D\">\n\t\t\t\t\t<div class=\"e-gallery-image elementor-gallery-item__image\" data-thumbnail=\"https:\/\/fernandapolicarpo2025.pt\/fernanda\/wp-content\/uploads\/2025\/09\/place-holder-img1-300x234.jpg\" data-width=\"300\" data-height=\"234\" aria-label=\"\" role=\"img\" ><\/div>\n\t\t\t\t\t\t\t\t\t\t\t<div class=\"elementor-gallery-item__overlay\"><\/div>\n\t\t\t\t\t\t\t\t\t\t\t\t\t\t<\/a>\n\t\t\t\t\t\t\t<a class=\"e-gallery-item elementor-gallery-item elementor-animated-content\" href=\"https:\/\/fernandapolicarpo2025.pt\/fernanda\/wp-content\/uploads\/2025\/09\/place-holder-img3.jpg\" data-elementor-open-lightbox=\"yes\" data-elementor-lightbox-slideshow=\"5b2a6d6b\" data-elementor-lightbox-title=\"place-holder-img3.jpg\" data-e-action-hash=\"#elementor-action%3Aaction%3Dlightbox%26settings%3DeyJpZCI6MzkwLCJ1cmwiOiJodHRwczpcL1wvZmVybmFuZGFwb2xpY2FycG8yMDI1LnB0XC9mZXJuYW5kYVwvd3AtY29udGVudFwvdXBsb2Fkc1wvMjAyNVwvMDlcL3BsYWNlLWhvbGRlci1pbWczLmpwZyIsInNsaWRlc2hvdyI6IjViMmE2ZDZiIn0%3D\">\n\t\t\t\t\t<div class=\"e-gallery-image elementor-gallery-item__image\" data-thumbnail=\"https:\/\/fernandapolicarpo2025.pt\/fernanda\/wp-content\/uploads\/2025\/09\/place-holder-img3-300x234.jpg\" data-width=\"300\" data-height=\"234\" aria-label=\"\" role=\"img\" ><\/div>\n\t\t\t\t\t\t\t\t\t\t\t<div class=\"elementor-gallery-item__overlay\"><\/div>\n\t\t\t\t\t\t\t\t\t\t\t\t\t\t<\/a>\n\t\t\t\t\t\t\t<a class=\"e-gallery-item elementor-gallery-item elementor-animated-content\" href=\"https:\/\/fernandapolicarpo2025.pt\/fernanda\/wp-content\/uploads\/2025\/09\/place-holder-img2.jpg\" data-elementor-open-lightbox=\"yes\" data-elementor-lightbox-slideshow=\"5b2a6d6b\" data-elementor-lightbox-title=\"place-holder-img2.jpg\" data-e-action-hash=\"#elementor-action%3Aaction%3Dlightbox%26settings%3DeyJpZCI6MzkxLCJ1cmwiOiJodHRwczpcL1wvZmVybmFuZGFwb2xpY2FycG8yMDI1LnB0XC9mZXJuYW5kYVwvd3AtY29udGVudFwvdXBsb2Fkc1wvMjAyNVwvMDlcL3BsYWNlLWhvbGRlci1pbWcyLmpwZyIsInNsaWRlc2hvdyI6IjViMmE2ZDZiIn0%3D\">\n\t\t\t\t\t<div class=\"e-gallery-image elementor-gallery-item__image\" data-thumbnail=\"https:\/\/fernandapolicarpo2025.pt\/fernanda\/wp-content\/uploads\/2025\/09\/place-holder-img2-300x234.jpg\" data-width=\"300\" data-height=\"234\" aria-label=\"\" role=\"img\" ><\/div>\n\t\t\t\t\t\t\t\t\t\t\t<div class=\"elementor-gallery-item__overlay\"><\/div>\n\t\t\t\t\t\t\t\t\t\t\t\t\t\t<\/a>\n\t\t\t\t\t\t\t<a class=\"e-gallery-item elementor-gallery-item elementor-animated-content\" href=\"https:\/\/fernandapolicarpo2025.pt\/fernanda\/wp-content\/uploads\/2025\/09\/place-holder-img4.jpg\" data-elementor-open-lightbox=\"yes\" data-elementor-lightbox-slideshow=\"5b2a6d6b\" data-elementor-lightbox-title=\"place-holder-img4.jpg\" data-e-action-hash=\"#elementor-action%3Aaction%3Dlightbox%26settings%3DeyJpZCI6MzkyLCJ1cmwiOiJodHRwczpcL1wvZmVybmFuZGFwb2xpY2FycG8yMDI1LnB0XC9mZXJuYW5kYVwvd3AtY29udGVudFwvdXBsb2Fkc1wvMjAyNVwvMDlcL3BsYWNlLWhvbGRlci1pbWc0LmpwZyIsInNsaWRlc2hvdyI6IjViMmE2ZDZiIn0%3D\">\n\t\t\t\t\t<div class=\"e-gallery-image elementor-gallery-item__image\" data-thumbnail=\"https:\/\/fernandapolicarpo2025.pt\/fernanda\/wp-content\/uploads\/2025\/09\/place-holder-img4-300x234.jpg\" data-width=\"300\" data-height=\"234\" aria-label=\"\" role=\"img\" ><\/div>\n\t\t\t\t\t\t\t\t\t\t\t<div class=\"elementor-gallery-item__overlay\"><\/div>\n\t\t\t\t\t\t\t\t\t\t\t\t\t\t<\/a>\n\t\t\t\t\t\t\t<a class=\"e-gallery-item elementor-gallery-item elementor-animated-content\" href=\"https:\/\/fernandapolicarpo2025.pt\/fernanda\/wp-content\/uploads\/2025\/09\/place-holder-img5.jpg\" data-elementor-open-lightbox=\"yes\" data-elementor-lightbox-slideshow=\"5b2a6d6b\" data-elementor-lightbox-title=\"place-holder-img5.jpg\" data-e-action-hash=\"#elementor-action%3Aaction%3Dlightbox%26settings%3DeyJpZCI6MzkzLCJ1cmwiOiJodHRwczpcL1wvZmVybmFuZGFwb2xpY2FycG8yMDI1LnB0XC9mZXJuYW5kYVwvd3AtY29udGVudFwvdXBsb2Fkc1wvMjAyNVwvMDlcL3BsYWNlLWhvbGRlci1pbWc1LmpwZyIsInNsaWRlc2hvdyI6IjViMmE2ZDZiIn0%3D\">\n\t\t\t\t\t<div class=\"e-gallery-image elementor-gallery-item__image\" data-thumbnail=\"https:\/\/fernandapolicarpo2025.pt\/fernanda\/wp-content\/uploads\/2025\/09\/place-holder-img5-300x234.jpg\" data-width=\"300\" data-height=\"234\" aria-label=\"\" role=\"img\" ><\/div>\n\t\t\t\t\t\t\t\t\t\t\t<div class=\"elementor-gallery-item__overlay\"><\/div>\n\t\t\t\t\t\t\t\t\t\t\t\t\t\t<\/a>\n\t\t\t\t\t\t\t<a class=\"e-gallery-item elementor-gallery-item elementor-animated-content\" href=\"https:\/\/fernandapolicarpo2025.pt\/fernanda\/wp-content\/uploads\/2025\/09\/place-holder-img6.jpg\" data-elementor-open-lightbox=\"yes\" data-elementor-lightbox-slideshow=\"5b2a6d6b\" data-elementor-lightbox-title=\"place-holder-img6.jpg\" data-e-action-hash=\"#elementor-action%3Aaction%3Dlightbox%26settings%3DeyJpZCI6Mzk0LCJ1cmwiOiJodHRwczpcL1wvZmVybmFuZGFwb2xpY2FycG8yMDI1LnB0XC9mZXJuYW5kYVwvd3AtY29udGVudFwvdXBsb2Fkc1wvMjAyNVwvMDlcL3BsYWNlLWhvbGRlci1pbWc2LmpwZyIsInNsaWRlc2hvdyI6IjViMmE2ZDZiIn0%3D\">\n\t\t\t\t\t<div class=\"e-gallery-image elementor-gallery-item__image\" data-thumbnail=\"https:\/\/fernandapolicarpo2025.pt\/fernanda\/wp-content\/uploads\/2025\/09\/place-holder-img6-300x234.jpg\" data-width=\"300\" data-height=\"234\" aria-label=\"\" role=\"img\" ><\/div>\n\t\t\t\t\t\t\t\t\t\t\t<div class=\"elementor-gallery-item__overlay\"><\/div>\n\t\t\t\t\t\t\t\t\t\t\t\t\t\t<\/a>\n\t\t\t\t\t\t\t<a class=\"e-gallery-item elementor-gallery-item elementor-animated-content\" href=\"https:\/\/fernandapolicarpo2025.pt\/fernanda\/wp-content\/uploads\/2025\/09\/place-holder-img7.jpg\" data-elementor-open-lightbox=\"yes\" data-elementor-lightbox-slideshow=\"5b2a6d6b\" data-elementor-lightbox-title=\"place-holder-img7.jpg\" data-e-action-hash=\"#elementor-action%3Aaction%3Dlightbox%26settings%3DeyJpZCI6Mzk1LCJ1cmwiOiJodHRwczpcL1wvZmVybmFuZGFwb2xpY2FycG8yMDI1LnB0XC9mZXJuYW5kYVwvd3AtY29udGVudFwvdXBsb2Fkc1wvMjAyNVwvMDlcL3BsYWNlLWhvbGRlci1pbWc3LmpwZyIsInNsaWRlc2hvdyI6IjViMmE2ZDZiIn0%3D\">\n\t\t\t\t\t<div class=\"e-gallery-image elementor-gallery-item__image\" data-thumbnail=\"https:\/\/fernandapolicarpo2025.pt\/fernanda\/wp-content\/uploads\/2025\/09\/place-holder-img7-300x234.jpg\" data-width=\"300\" data-height=\"234\" aria-label=\"\" role=\"img\" ><\/div>\n\t\t\t\t\t\t\t\t\t\t\t<div class=\"elementor-gallery-item__overlay\"><\/div>\n\t\t\t\t\t\t\t\t\t\t\t\t\t\t<\/a>\n\t\t\t\t\t\t\t<a class=\"e-gallery-item elementor-gallery-item elementor-animated-content\" href=\"https:\/\/fernandapolicarpo2025.pt\/fernanda\/wp-content\/uploads\/2025\/09\/place-holder-img8.jpg\" data-elementor-open-lightbox=\"yes\" data-elementor-lightbox-slideshow=\"5b2a6d6b\" data-elementor-lightbox-title=\"place-holder-img8.jpg\" data-e-action-hash=\"#elementor-action%3Aaction%3Dlightbox%26settings%3DeyJpZCI6Mzk2LCJ1cmwiOiJodHRwczpcL1wvZmVybmFuZGFwb2xpY2FycG8yMDI1LnB0XC9mZXJuYW5kYVwvd3AtY29udGVudFwvdXBsb2Fkc1wvMjAyNVwvMDlcL3BsYWNlLWhvbGRlci1pbWc4LmpwZyIsInNsaWRlc2hvdyI6IjViMmE2ZDZiIn0%3D\">\n\t\t\t\t\t<div class=\"e-gallery-image elementor-gallery-item__image\" data-thumbnail=\"https:\/\/fernandapolicarpo2025.pt\/fernanda\/wp-content\/uploads\/2025\/09\/place-holder-img8-300x234.jpg\" data-width=\"300\" data-height=\"234\" aria-label=\"\" role=\"img\" ><\/div>\n\t\t\t\t\t\t\t\t\t\t\t<div class=\"elementor-gallery-item__overlay\"><\/div>\n\t\t\t\t\t\t\t\t\t\t\t\t\t\t<\/a>\n\t\t\t\t\t<\/div>\n\t\t\t\t\t<\/div>\n\t\t\t\t<\/div>\n\t\t\t\t<\/div>\n\t\t<div class=\"elementor-element elementor-element-f9e5ac2 e-con-full e-flex e-con e-parent\" data-id=\"f9e5ac2\" data-element_type=\"container\">\n\t\t<div class=\"elementor-element elementor-element-48794eea e-con-full e-flex e-con e-child\" data-id=\"48794eea\" data-element_type=\"container\">\n\t\t\t\t<div class=\"elementor-element elementor-element-5ea8f261 elementor-widget elementor-widget-image\" data-id=\"5ea8f261\" data-element_type=\"widget\" data-widget_type=\"image.default\">\n\t\t\t\t\t\t\t\t\t\t\t\t\t\t\t<img decoding=\"async\" width=\"800\" height=\"534\" src=\"https:\/\/fernandapolicarpo2025.pt\/fernanda\/wp-content\/uploads\/2025\/09\/equipa_presidencia-1.png\" class=\"attachment-large size-large wp-image-380\" alt=\"equipa_presidencia NISA\" srcset=\"https:\/\/fernandapolicarpo2025.pt\/fernanda\/wp-content\/uploads\/2025\/09\/equipa_presidencia-1.png 1024w, https:\/\/fernandapolicarpo2025.pt\/fernanda\/wp-content\/uploads\/2025\/09\/equipa_presidencia-1-300x200.png 300w, https:\/\/fernandapolicarpo2025.pt\/fernanda\/wp-content\/uploads\/2025\/09\/equipa_presidencia-1-768x512.png 768w\" sizes=\"(max-width: 800px) 100vw, 800px\" \/>\t\t\t\t\t\t\t\t\t\t\t\t\t\t\t<\/div>\n\t\t\t\t<\/div>\n\t\t<div class=\"elementor-element elementor-element-506d60f7 e-con-full e-flex e-con e-child\" data-id=\"506d60f7\" data-element_type=\"container\">\n\t\t\t\t<div class=\"elementor-element elementor-element-4c59d4dc elementor-widget elementor-widget-heading\" data-id=\"4c59d4dc\" data-element_type=\"widget\" data-widget_type=\"heading.default\">\n\t\t\t\t\t<h3 class=\"elementor-heading-title elementor-size-default\">A Equipa<\/h3>\t\t\t\t<\/div>\n\t\t\t\t<div class=\"elementor-element elementor-element-4f6c319d elementor-widget elementor-widget-text-editor\" data-id=\"4f6c319d\" data-element_type=\"widget\" data-widget_type=\"text-editor.default\">\n\t\t\t\t\t\t\t\t\t<p><span data-slate-fragment=\"JTVCJTdCJTIydHlwZSUyMiUzQSUyMnAlMjIlMkMlMjJjaGlsZHJlbiUyMiUzQSU1QiU3QiUyMnRleHQlMjIlM0ElMjJDb20lMjBodW1pbGRhZGUlMkMlMjBhY3JlZGl0YXIlMjBuYSUyMG11ZGFuJUMzJUE3YSUyMGUlMjBjb25zdHJ1aXIlMjBvJTIwZnV0dXJvLiUyMCU1Q25DJUMzJTgyTUFSQSUyME1VTklDSVBBTCUyMCU1Q24lNUNuRmVybmFuZGElMjBQb2xpY2FycG8lMkMlMjBSYWZhZWwlMjBNb3VyYSUyQyUyMEdhYnJpZWxhJTIwQ29uZGUlMkMlMjBMdSVDMyVBRHMlMjBNJUMzJUExcmlvJTIwQmVudG8lMjBlJTIwRnJhbmNpc2NvJTIwRXN0ZXZlcyUyMCUyMCUyMiU3RCU1RCU3RCU1RA==\">Com humildade, acreditar na mudan\u00e7a e construir o futuro. <strong>C\u00c2MARA MUNICIPAL <\/strong><\/span><\/p><p><span data-slate-fragment=\"JTVCJTdCJTIydHlwZSUyMiUzQSUyMnAlMjIlMkMlMjJjaGlsZHJlbiUyMiUzQSU1QiU3QiUyMnRleHQlMjIlM0ElMjJDb20lMjBodW1pbGRhZGUlMkMlMjBhY3JlZGl0YXIlMjBuYSUyMG11ZGFuJUMzJUE3YSUyMGUlMjBjb25zdHJ1aXIlMjBvJTIwZnV0dXJvLiUyMCU1Q25DJUMzJTgyTUFSQSUyME1VTklDSVBBTCUyMCU1Q24lNUNuRmVybmFuZGElMjBQb2xpY2FycG8lMkMlMjBSYWZhZWwlMjBNb3VyYSUyQyUyMEdhYnJpZWxhJTIwQ29uZGUlMkMlMjBMdSVDMyVBRHMlMjBNJUMzJUExcmlvJTIwQmVudG8lMjBlJTIwRnJhbmNpc2NvJTIwRXN0ZXZlcyUyMCUyMCUyMiU3RCU1RCU3RCU1RA==\">Fernanda Policarpo, Rafael Moura, Gabriela Conde, Lu\u00eds M\u00e1rio Bento e Francisco Esteves <\/span><\/p>\t\t\t\t\t\t\t\t<\/div>\n\t\t\t\t<\/div>\n\t\t\t\t<\/div>\n\t\t<div class=\"elementor-element elementor-element-18998618 e-flex e-con-boxed e-con e-parent\" data-id=\"18998618\" data-element_type=\"container\">\n\t\t\t\t\t<div class=\"e-con-inner\">\n\t\t<div class=\"elementor-element elementor-element-4f547821 e-con-full e-flex e-con e-child\" data-id=\"4f547821\" data-element_type=\"container\">\n\t\t\t\t<div class=\"elementor-element elementor-element-7693ee02 elementor-widget__width-initial elementor-widget-mobile__width-inherit ekit-equal-height-enable elementor-widget elementor-widget-elementskit-image-box\" data-id=\"7693ee02\" data-element_type=\"widget\" data-widget_type=\"elementskit-image-box.default\">\n\t\t\t\t\t<div class=\"ekit-wid-con\" >\n            <div class=\"elementskit-info-image-box ekit-image-box text-left simple-card\" >\n\n                \n                <div class=\"elementskit-box-header image-box-img-left\">\n\n                    <img decoding=\"async\" width=\"853\" height=\"1280\" src=\"https:\/\/fernandapolicarpo2025.pt\/fernanda\/wp-content\/uploads\/2025\/09\/rafael.jpg\" class=\"attachment-full size-full wp-image-414\" alt=\"Renato Moura - PSD NISA\" srcset=\"https:\/\/fernandapolicarpo2025.pt\/fernanda\/wp-content\/uploads\/2025\/09\/rafael.jpg 853w, https:\/\/fernandapolicarpo2025.pt\/fernanda\/wp-content\/uploads\/2025\/09\/rafael-200x300.jpg 200w, https:\/\/fernandapolicarpo2025.pt\/fernanda\/wp-content\/uploads\/2025\/09\/rafael-682x1024.jpg 682w, https:\/\/fernandapolicarpo2025.pt\/fernanda\/wp-content\/uploads\/2025\/09\/rafael-768x1152.jpg 768w\" sizes=\"(max-width: 853px) 100vw, 853px\" \/>\n                <\/div>\n                \n                <div class=\"elementskit-box-body ekit-image-box-body\">\n                    <div class=\"elementskit-box-content ekit-image-box-body-inner\">\n                                                <h3 class=\"elementskit-info-box-title\">\n\n                        RAFAEL MOURA\n                        \n                    <\/h3>\n                                                            <div class=\"elementskit-box-style-content\">\n                        Rafael Moura foi anunciado como o segundo nome na lista de candidatos \u00e0 C\u00e2mara Municipal de Nisa pelo Partido Social Democrata (PSD), liderada pela Dr.\u00aa Fernanda Policarpo. A sua nomea\u00e7\u00e3o refor\u00e7a a aposta do partido numa candidatura que visa trazer uma \"nova din\u00e2mica\" para o concelho.\nEm declara\u00e7\u00f5es sobre o novo desafio, Rafael Moura afirmou: \"Entendi aceitar este novo desafio, com o mesmo esp\u00edrito de luta e trabalho como sempre conduzi a minha vida. Acredito que esta candidatura permitir\u00e1 lan\u00e7ar no nosso concelho uma nova din\u00e2mica, a bem do seu t\u00e3o necess\u00e1rio desenvolvimento, tornando-o mais atrativo n\u00e3o s\u00f3 para quem c\u00e1 nasce e vive, mas tamb\u00e9m como forma de cativar novas gentes e investimentos.\"\nA lista, encabe\u00e7ada pela Dr.\u00aa Fernanda Policarpo, candidata-se \u00e0s pr\u00f3ximas elei\u00e7\u00f5es aut\u00e1rquicas com o objetivo de promover o desenvolvimento e a atratividade do concelho de Nisa. Rafael Moura, reconhecido pela sua dedica\u00e7\u00e3o e esp\u00edrito de trabalho, \u00e9 visto como um elemento-chave para a concretiza\u00e7\u00e3o dos objetivos da candidatura.                    <\/div>\n                                    <\/div>\n\n                            <\/div>\n            <\/div>\n    <\/div>\t\t\t\t<\/div>\n\t\t\t\t<div class=\"elementor-element elementor-element-41794907 elementor-widget__width-initial elementor-widget-mobile__width-inherit ekit-equal-height-enable elementor-widget elementor-widget-elementskit-image-box\" data-id=\"41794907\" data-element_type=\"widget\" data-widget_type=\"elementskit-image-box.default\">\n\t\t\t\t\t<div class=\"ekit-wid-con\" >\n            <div class=\"elementskit-info-image-box ekit-image-box text-left simple-card\" >\n\n                \n                <div class=\"elementskit-box-header image-box-img-left\">\n\n                    <img loading=\"lazy\" decoding=\"async\" width=\"853\" height=\"1280\" src=\"https:\/\/fernandapolicarpo2025.pt\/fernanda\/wp-content\/uploads\/2025\/09\/gabriela.jpg\" class=\"attachment-full size-full wp-image-412\" alt=\"Gabriela conde PSD NISA\" srcset=\"https:\/\/fernandapolicarpo2025.pt\/fernanda\/wp-content\/uploads\/2025\/09\/gabriela.jpg 853w, https:\/\/fernandapolicarpo2025.pt\/fernanda\/wp-content\/uploads\/2025\/09\/gabriela-200x300.jpg 200w, https:\/\/fernandapolicarpo2025.pt\/fernanda\/wp-content\/uploads\/2025\/09\/gabriela-682x1024.jpg 682w, https:\/\/fernandapolicarpo2025.pt\/fernanda\/wp-content\/uploads\/2025\/09\/gabriela-768x1152.jpg 768w\" sizes=\"(max-width: 853px) 100vw, 853px\" \/>\n                <\/div>\n                \n                <div class=\"elementskit-box-body ekit-image-box-body\">\n                    <div class=\"elementskit-box-content ekit-image-box-body-inner\">\n                                                <h3 class=\"elementskit-info-box-title\">\n\n                        GABRIELA CONDE\n                        \n                    <\/h3>\n                                                            <div class=\"elementskit-box-style-content\">\n                        somos dotados da humildade que nos une, da sabedoria das nossas gentes, da inspira\u00e7\u00e3o do nosso interior e da mem\u00f3ria do nosso patrim\u00f3nio, Nisa \u00e9 ...\nA diferen\u00e7a do nosso projeto assenta na componente econ\u00f3mica agregada \u00e1 Social. Porque s\u00f3 existe desenvolvimento econ\u00f3mico sustent\u00e1vel, qd o social possui como fio condutor a educa\u00e7\u00e3o\/forma\u00e7\u00e3o, a cultura e o bem estar das nossas gentes em igualdade de oportunidades!\nCompete-nos a n\u00f3s implementar pol\u00edticas em que Todos, Todos, Todos tenhamos os mesmos acessos aos servi\u00e7os, sem distin\u00e7\u00e3o de ra\u00e7a ou de cor, idade ou sexo e extrato econ\u00f3mico.\nDotar o Concelho de pol\u00edticas que tenham como \u00e2ncora o desenvolvimento econ\u00f3mico e social do Concelho de Nisa.\nEsta \u00e9 a equipa,o projecto a que tenho orgulho de pertencer . Desafiamos o futuro....a diferen\u00e7a est\u00e1 na mudan\u00e7a.\n                    <\/div>\n                                    <\/div>\n\n                            <\/div>\n            <\/div>\n    <\/div>\t\t\t\t<\/div>\n\t\t\t\t<div class=\"elementor-element elementor-element-56aef95c elementor-widget__width-initial elementor-widget-mobile__width-inherit ekit-equal-height-enable elementor-widget elementor-widget-elementskit-image-box\" data-id=\"56aef95c\" data-element_type=\"widget\" data-widget_type=\"elementskit-image-box.default\">\n\t\t\t\t\t<div class=\"ekit-wid-con\" >\n            <div class=\"elementskit-info-image-box ekit-image-box text-left simple-card\" >\n\n                \n                <div class=\"elementskit-box-header image-box-img-left\">\n\n                    <img loading=\"lazy\" decoding=\"async\" width=\"853\" height=\"1280\" src=\"https:\/\/fernandapolicarpo2025.pt\/fernanda\/wp-content\/uploads\/2025\/09\/luismario.jpg\" class=\"attachment-full size-full wp-image-413\" alt=\"Luis M\u00e1rio Bento- PSD NISA\" srcset=\"https:\/\/fernandapolicarpo2025.pt\/fernanda\/wp-content\/uploads\/2025\/09\/luismario.jpg 853w, https:\/\/fernandapolicarpo2025.pt\/fernanda\/wp-content\/uploads\/2025\/09\/luismario-200x300.jpg 200w, https:\/\/fernandapolicarpo2025.pt\/fernanda\/wp-content\/uploads\/2025\/09\/luismario-682x1024.jpg 682w, https:\/\/fernandapolicarpo2025.pt\/fernanda\/wp-content\/uploads\/2025\/09\/luismario-768x1152.jpg 768w\" sizes=\"(max-width: 853px) 100vw, 853px\" \/>\n                <\/div>\n                \n                <div class=\"elementskit-box-body ekit-image-box-body\">\n                    <div class=\"elementskit-box-content ekit-image-box-body-inner\">\n                                                <h3 class=\"elementskit-info-box-title\">\n\n                        LU\u00cdS M\u00c1RIO BENTO\n                        \n                    <\/h3>\n                                                            <div class=\"elementskit-box-style-content\">\n                        O meu nome \u00e9 Lu\u00eds M\u00e1rio Bento\nFui convidado pela Dr\u00aa Fernanda Policarpo para integrar o grupo de trabalho \u00e0 C\u00e2mara Municipal de Nisa, nas pr\u00f3ximas elei\u00e7\u00f5es aut\u00e1rquicas pelo Partido Social Democrata.\nConvite que aceitei em consci\u00eancia e com a profunda convic\u00e7\u00e3o de querer dar o meu melhor.\nPorque me identifico com os objectivos definidos pela candidata \u00e0 C\u00e2mara Municipal de Nisa e com a sua estrat\u00e9gia para os alcan\u00e7ar.\nProcurei sempre manter uma liga\u00e7\u00e3o a Nisa, ainda que a minha vida profissional se desenvolva fora do concelho.\nTenho um enorme orgulho pelas nossas gentes, de todas as freguesias, pela sua hist\u00f3ria, mas tamb\u00e9m pelo caminho que acredito ser possivel delinear e pelo merecido lugar que pretendemos que ocupe no distrito e no pa\u00eds.\nQue o concelho seja igualmente para se viver e que juntos possamos inverter o decl\u00cdnio populacional.\nPelo Munic\u00edpio de Nisa!!\nCom Humildade, vamos acreditar na Mudan\u00e7a e construir o Futuro!                    <\/div>\n                                    <\/div>\n\n                            <\/div>\n            <\/div>\n    <\/div>\t\t\t\t<\/div>\n\t\t\t\t<\/div>\n\t\t\t\t\t<\/div>\n\t\t\t\t<\/div>\n\t\t<div class=\"elementor-element elementor-element-2544bc3 e-flex e-con-boxed e-con e-parent\" data-id=\"2544bc3\" data-element_type=\"container\">\n\t\t\t\t\t<div class=\"e-con-inner\">\n\t\t\t\t<div class=\"elementor-element elementor-element-4e78522 elementor-widget elementor-widget-image\" data-id=\"4e78522\" data-element_type=\"widget\" data-widget_type=\"image.default\">\n\t\t\t\t\t\t\t\t\t\t\t\t<figure class=\"wp-caption\">\n\t\t\t\t\t\t\t\t\t\t<img loading=\"lazy\" decoding=\"async\" width=\"1024\" height=\"683\" src=\"https:\/\/fernandapolicarpo2025.pt\/fernanda\/wp-content\/uploads\/2025\/09\/equipa_presidencia-1.png\" class=\"attachment-full size-full wp-image-380\" alt=\"equipa_presidencia NISA\" srcset=\"https:\/\/fernandapolicarpo2025.pt\/fernanda\/wp-content\/uploads\/2025\/09\/equipa_presidencia-1.png 1024w, https:\/\/fernandapolicarpo2025.pt\/fernanda\/wp-content\/uploads\/2025\/09\/equipa_presidencia-1-300x200.png 300w, https:\/\/fernandapolicarpo2025.pt\/fernanda\/wp-content\/uploads\/2025\/09\/equipa_presidencia-1-768x512.png 768w\" sizes=\"(max-width: 1024px) 100vw, 1024px\" \/>\t\t\t\t\t\t\t\t\t\t\t<figcaption class=\"widget-image-caption wp-caption-text\">EQUIPA CANDIDATA \u00c0 PRESID\u00caNCIA DA C\u00c2MARA MUNICIPAL DE NISA<\/figcaption>\n\t\t\t\t\t\t\t\t\t\t<\/figure>\n\t\t\t\t\t\t\t\t\t<\/div>\n\t\t\t\t\t<\/div>\n\t\t\t\t<\/div>\n\t\t<div class=\"elementor-element elementor-element-8e58007 e-flex e-con-boxed e-con e-parent\" data-id=\"8e58007\" data-element_type=\"container\">\n\t\t\t\t\t<div class=\"e-con-inner\">\n\t\t\t\t<div class=\"elementor-element elementor-element-c005f45 elementor-widget elementor-widget-heading\" data-id=\"c005f45\" data-element_type=\"widget\" data-widget_type=\"heading.default\">\n\t\t\t\t\t<h2 class=\"elementor-heading-title elementor-size-default\">Sobre o PSD Nisa<\/h2>\t\t\t\t<\/div>\n\t\t\t\t<div class=\"elementor-element elementor-element-d058b56 elementor-widget elementor-widget-text-editor\" data-id=\"d058b56\" data-element_type=\"widget\" data-widget_type=\"text-editor.default\">\n\t\t\t\t\t\t\t\t\t<p>O Partido Social Democrata (PSD) de Nisa \u00e9 um partido pol\u00edtico com presen\u00e7a ativa no concelho, que se dedica \u00e0 promo\u00e7\u00e3o do bem-estar e do desenvolvimento da comunidade local. A sua candidatura \u00e0s pr\u00f3ximas elei\u00e7\u00f5es aut\u00e1rquicas \u00e9 liderada pela Dr.\u00aa Fernanda Policarpo.<\/p>\t\t\t\t\t\t\t\t<\/div>\n\t\t\t\t\t<\/div>\n\t\t\t\t<\/div>\n\t\t\t\t<\/div>\n\t\t","protected":false},"excerpt":{"rendered":"<p>C\u00e2mara Municipal APRESENTA\u00c7\u00c3O DOS CANDIDATOS Fernanda Policarpo Candidata a Presidente da C\u00e2mara Municipal de Nisa. A Equipa Com humildade, acreditar na mudan\u00e7a e construir o futuro. C\u00c2MARA MUNICIPAL Fernanda Policarpo, [&hellip;]<\/p>\n","protected":false},"author":1,"featured_media":0,"parent":0,"menu_order":0,"comment_status":"closed","ping_status":"closed","template":"","meta":{"postBodyCss":"","postBodyMargin":[],"postBodyPadding":[],"postBodyBackground":{"backgroundType":"classic","gradient":""},"_EventAllDay":false,"_EventTimezone":"","_EventStartDate":"","_EventEndDate":"","_EventStartDateUTC":"","_EventEndDateUTC":"","_EventShowMap":false,"_EventShowMapLink":false,"_EventURL":"","_EventCost":"","_EventCostDescription":"","_EventCurrencySymbol":"","_EventCurrencyCode":"","_EventCurrencyPosition":"","_EventDateTimeSeparator":"","_EventTimeRangeSeparator":"","_EventOrganizerID":[],"_EventVenueID":[],"_OrganizerEmail":"","_OrganizerPhone":"","_OrganizerWebsite":"","_VenueAddress":"","_VenueCity":"","_VenueCountry":"","_VenueProvince":"","_VenueState":"","_VenueZip":"","_VenuePhone":"","_VenueURL":"","_VenueStateProvince":"","_VenueLat":"","_VenueLng":"","_VenueShowMap":false,"_VenueShowMapLink":false,"footnotes":""},"class_list":["post-138","page","type-page","status-publish","hentry"],"_links":{"self":[{"href":"https:\/\/fernandapolicarpo2025.pt\/fernanda\/index.php\/wp-json\/wp\/v2\/pages\/138","targetHints":{"allow":["GET"]}}],"collection":[{"href":"https:\/\/fernandapolicarpo2025.pt\/fernanda\/index.php\/wp-json\/wp\/v2\/pages"}],"about":[{"href":"https:\/\/fernandapolicarpo2025.pt\/fernanda\/index.php\/wp-json\/wp\/v2\/types\/page"}],"author":[{"embeddable":true,"href":"https:\/\/fernandapolicarpo2025.pt\/fernanda\/index.php\/wp-json\/wp\/v2\/users\/1"}],"replies":[{"embeddable":true,"href":"https:\/\/fernandapolicarpo2025.pt\/fernanda\/index.php\/wp-json\/wp\/v2\/comments?post=138"}],"version-history":[{"count":34,"href":"https:\/\/fernandapolicarpo2025.pt\/fernanda\/index.php\/wp-json\/wp\/v2\/pages\/138\/revisions"}],"predecessor-version":[{"id":472,"href":"https:\/\/fernandapolicarpo2025.pt\/fernanda\/index.php\/wp-json\/wp\/v2\/pages\/138\/revisions\/472"}],"wp:attachment":[{"href":"https:\/\/fernandapolicarpo2025.pt\/fernanda\/index.php\/wp-json\/wp\/v2\/media?parent=138"}],"curies":[{"name":"wp","href":"https:\/\/api.w.org\/{rel}","templated":true}]}}