{"id":144,"date":"2025-09-02T22:26:48","date_gmt":"2025-09-02T22:26:48","guid":{"rendered":"http:\/\/fernandapolicarpo2025.pt\/fernanda\/?page_id=144"},"modified":"2025-09-05T13:58:57","modified_gmt":"2025-09-05T13:58:57","slug":"apoiar","status":"publish","type":"page","link":"https:\/\/fernandapolicarpo2025.pt\/fernanda\/index.php\/apoiar\/","title":{"rendered":"APOIAR"},"content":{"rendered":"\t\t<div data-elementor-type=\"wp-page\" data-elementor-id=\"144\" class=\"elementor elementor-144\" data-elementor-post-type=\"page\">\n\t\t\t\t<div class=\"elementor-element elementor-element-a5a8ca7 e-grid e-con-full e-con e-parent\" data-id=\"a5a8ca7\" data-element_type=\"container\">\n\t\t\t\t<div class=\"elementor-element elementor-element-aea60f5 elementor-widget elementor-widget-heading\" data-id=\"aea60f5\" data-element_type=\"widget\" data-widget_type=\"heading.default\">\n\t\t\t\t\t<h2 class=\"elementor-heading-title elementor-size-default\">O meu projeto por Nisa <br>\u00e9 tamb\u00e9m o teu. <br>Preciso de ouvir a tua voz!<\/h2>\t\t\t\t<\/div>\n\t\t\t\t<div class=\"elementor-element elementor-element-b51fca8 elementor-widget elementor-widget-image\" data-id=\"b51fca8\" data-element_type=\"widget\" data-widget_type=\"image.default\">\n\t\t\t\t\t\t\t\t\t\t\t\t\t\t\t<img fetchpriority=\"high\" decoding=\"async\" width=\"1280\" height=\"853\" src=\"https:\/\/fernandapolicarpo2025.pt\/fernanda\/wp-content\/uploads\/2025\/09\/fernandaweb.webp\" class=\"attachment-full size-full wp-image-170\" alt=\"Fernanda Policarpo\" srcset=\"https:\/\/fernandapolicarpo2025.pt\/fernanda\/wp-content\/uploads\/2025\/09\/fernandaweb.webp 1280w, https:\/\/fernandapolicarpo2025.pt\/fernanda\/wp-content\/uploads\/2025\/09\/fernandaweb-300x200.webp 300w, https:\/\/fernandapolicarpo2025.pt\/fernanda\/wp-content\/uploads\/2025\/09\/fernandaweb-1024x682.webp 1024w, https:\/\/fernandapolicarpo2025.pt\/fernanda\/wp-content\/uploads\/2025\/09\/fernandaweb-768x512.webp 768w\" sizes=\"(max-width: 1280px) 100vw, 1280px\" \/>\t\t\t\t\t\t\t\t\t\t\t\t\t\t\t<\/div>\n\t\t\t\t<\/div>\n\t\t<div class=\"elementor-element elementor-element-23f9f72 e-flex e-con-boxed e-con e-parent\" data-id=\"23f9f72\" data-element_type=\"container\">\n\t\t\t\t\t<div class=\"e-con-inner\">\n\t\t<div class=\"elementor-element elementor-element-cffd951 e-grid e-con-full e-con e-child\" data-id=\"cffd951\" data-element_type=\"container\">\n\t\t\t\t<div class=\"elementor-element elementor-element-9b6d1ae elementor-widget elementor-widget-text-editor\" data-id=\"9b6d1ae\" data-element_type=\"widget\" data-widget_type=\"text-editor.default\">\n\t\t\t\t\t\t\t\t\t<h3 class=\"ds-markdown-paragraph\">Meus caros concidad\u00e3os de Nisa,<\/h3><p class=\"ds-markdown-paragraph\">Eu, a Fernanda Policarpo, decidi candidatar-me \u00e0 Presid\u00eancia da C\u00e2mara Municipal de Nisa porque acredito, profundamente, no potencial da nossa terra e nas pessoas que nela vivem.<\/p><p class=\"ds-markdown-paragraph\">Mas eu n\u00e3o quero fazer isto sozinha. Um mandato aut\u00e1rquico deve ser constru\u00eddo por e para a comunidade. Por isso, este n\u00e3o \u00e9 o meu projeto, \u00e9 o\u00a0<em>nosso<\/em>\u00a0projeto. E ele s\u00f3 ficar\u00e1 completo com a tua contribui\u00e7\u00e3o.<\/p><p class=\"ds-markdown-paragraph\"><strong>Preciso de saber o que pensas.<\/strong><br \/>Qual \u00e9 a tua maior preocupa\u00e7\u00e3o para o concelho?<br \/>O que \u00e9 que falta na tua freguesia?<br \/>Que ideia simples poderia melhorar o dia a dia de todos?<\/p><p class=\"ds-markdown-paragraph\">Se tens uma sugest\u00e3o para apoiar as nossas fam\u00edlias, dinamizar o com\u00e9rcio, valorizar o nosso patrim\u00f3nio cultural ou criar oportunidades para que os nossos jovens possam construir aqui o seu futuro, eu quero ouvi-la.<\/p><p class=\"ds-markdown-paragraph\"><strong>Como podes ajudar-me a construir este caminho?<\/strong><\/p><ol start=\"1\"><li><p class=\"ds-markdown-paragraph\"><strong>DIZ-ME O QUE PENSAS:<\/strong>\u00a0Partilha a tua ideia, grande ou pequena.<\/p><\/li><li><p class=\"ds-markdown-paragraph\"><strong>MANIFESTA O TEU APOIO:<\/strong>\u00a0Mostra que confias em mim e na equipa que estamos a formar para liderar esta mudan\u00e7a.<\/p><\/li><\/ol><p class=\"ds-markdown-paragraph\"><strong>\u00c9 muito simples. Basta preencheres este breve formul\u00e1rio.<\/strong><\/p><p class=\"ds-markdown-paragraph\">A tua opini\u00e3o n\u00e3o ser\u00e1 apenas mais um n\u00famero. Ser\u00e1 uma b\u00fassola para orientar o nosso trabalho por uma Nisa mais pr\u00f3spera, unida e cheia de vida.<\/p><p class=\"ds-markdown-paragraph\">Conto contigo! Vamos fazer acontecer.<\/p><p class=\"ds-markdown-paragraph\">Com amizade,<\/p><p class=\"ds-markdown-paragraph\"><strong>Fernanda Policarpo<\/strong><\/p><p>Por Amor a Nisa.<\/p><hr \/><p class=\"ds-markdown-paragraph\">#NisaComFuturo #ATuaIdeiaConta #Fernandapolicarpo2025 #Aut\u00e1rquicas2025 #JuntosPorNisa<\/p><p class=\"ds-markdown-paragraph\">#mudarnisa<\/p>\t\t\t\t\t\t\t\t<\/div>\n\t\t\t\t<div class=\"elementor-element elementor-element-f5d5419 elementor-button-align-stretch elementor-widget elementor-widget-form\" data-id=\"f5d5419\" data-element_type=\"widget\" data-settings=\"{&quot;step_next_label&quot;:&quot;seguinte&quot;,&quot;step_previous_label&quot;:&quot;anterior&quot;,&quot;button_width&quot;:&quot;100&quot;,&quot;step_type&quot;:&quot;number_text&quot;,&quot;step_icon_shape&quot;:&quot;circle&quot;}\" data-widget_type=\"form.default\">\n\t\t\t\t<div class=\"elementor-widget-container\">\n\t\t\t\t\t\t\t<form class=\"elementor-form\" method=\"post\" name=\"New Form\">\n\t\t\t<input type=\"hidden\" name=\"post_id\" value=\"144\"\/>\n\t\t\t<input type=\"hidden\" name=\"form_id\" value=\"f5d5419\"\/>\n\t\t\t<input type=\"hidden\" name=\"referer_title\" value=\"\" \/>\n\n\t\t\t\n\t\t\t<div class=\"elementor-form-fields-wrapper elementor-labels-above\">\n\t\t\t\t\t\t\t\t<div class=\"elementor-field-type-text elementor-field-group elementor-column elementor-field-group-name elementor-col-100 elementor-field-required elementor-mark-required\">\n\t\t\t\t\t\t\t\t\t\t\t\t<label for=\"form-field-name\" class=\"elementor-field-label\">\n\t\t\t\t\t\t\t\tNome\t\t\t\t\t\t\t<\/label>\n\t\t\t\t\t\t\t\t\t\t\t\t\t\t<input size=\"1\" type=\"text\" name=\"form_fields[name]\" id=\"form-field-name\" class=\"elementor-field elementor-size-sm  elementor-field-textual\" placeholder=\"Nome\" required=\"required\" aria-required=\"true\">\n\t\t\t\t\t\t\t\t\t\t\t<\/div>\n\t\t\t\t\t\t\t\t<div class=\"elementor-field-type-email elementor-field-group elementor-column elementor-field-group-email elementor-col-100 elementor-field-required elementor-mark-required\">\n\t\t\t\t\t\t\t\t\t\t\t\t<label for=\"form-field-email\" class=\"elementor-field-label\">\n\t\t\t\t\t\t\t\tE-mail\t\t\t\t\t\t\t<\/label>\n\t\t\t\t\t\t\t\t\t\t\t\t\t\t<input size=\"1\" type=\"email\" name=\"form_fields[email]\" id=\"form-field-email\" class=\"elementor-field elementor-size-sm  elementor-field-textual\" placeholder=\"E-mail\" required=\"required\" aria-required=\"true\">\n\t\t\t\t\t\t\t\t\t\t\t<\/div>\n\t\t\t\t\t\t\t\t<div class=\"elementor-field-type-textarea elementor-field-group elementor-column elementor-field-group-message elementor-col-100 elementor-field-required elementor-mark-required\">\n\t\t\t\t\t\t\t\t\t\t\t\t<label for=\"form-field-message\" class=\"elementor-field-label\">\n\t\t\t\t\t\t\t\tMensagem\t\t\t\t\t\t\t<\/label>\n\t\t\t\t\t\t<textarea class=\"elementor-field-textual elementor-field  elementor-size-sm\" name=\"form_fields[message]\" id=\"form-field-message\" rows=\"4\" placeholder=\"Mensagem\" required=\"required\" aria-required=\"true\"><\/textarea>\t\t\t\t<\/div>\n\t\t\t\t\t\t\t\t<div class=\"elementor-field-group elementor-column elementor-field-type-submit elementor-col-100 e-form__buttons\">\n\t\t\t\t\t<button type=\"submit\" class=\"elementor-button elementor-size-sm\" id=\"@enviar\">\n\t\t\t\t\t\t<span >\n\t\t\t\t\t\t\t\t\t\t\t\t\t\t\t<span class=\" elementor-button-icon\">\n\t\t\t\t\t\t\t\t\t\t\t\t\t\t\t\t\t\t\t\t\t\t\t\t\t\t<\/span>\n\t\t\t\t\t\t\t\t\t\t\t\t\t\t\t\t\t\t\t\t\t\t<span class=\"elementor-button-text\">Enviar<\/span>\n\t\t\t\t\t\t\t\t\t\t\t\t\t<\/span>\n\t\t\t\t\t<\/button>\n\t\t\t\t<\/div>\n\t\t\t<\/div>\n\t\t<\/form>\n\t\t\t\t\t\t<\/div>\n\t\t\t\t<\/div>\n\t\t\t\t<\/div>\n\t\t\t\t\t<\/div>\n\t\t\t\t<\/div>\n\t\t<div class=\"elementor-element elementor-element-9bfca47 e-flex e-con-boxed e-con e-parent\" data-id=\"9bfca47\" data-element_type=\"container\">\n\t\t\t\t\t<div class=\"e-con-inner\">\n\t\t\t\t\t<\/div>\n\t\t\t\t<\/div>\n\t\t<div class=\"elementor-element elementor-element-ad9db14 e-flex e-con-boxed e-con e-parent\" data-id=\"ad9db14\" data-element_type=\"container\">\n\t\t\t\t\t<div class=\"e-con-inner\">\n\t\t\t\t\t<\/div>\n\t\t\t\t<\/div>\n\t\t\t\t<\/div>\n\t\t","protected":false},"excerpt":{"rendered":"<p>O meu projeto por Nisa \u00e9 tamb\u00e9m o teu. Preciso de ouvir a tua voz! Meus caros concidad\u00e3os de Nisa, Eu, a Fernanda Policarpo, decidi candidatar-me \u00e0 Presid\u00eancia da C\u00e2mara [&hellip;]<\/p>\n","protected":false},"author":1,"featured_media":0,"parent":0,"menu_order":0,"comment_status":"closed","ping_status":"closed","template":"","meta":{"postBodyCss":"","postBodyMargin":[],"postBodyPadding":[],"postBodyBackground":{"backgroundType":"classic","gradient":""},"_EventAllDay":false,"_EventTimezone":"","_EventStartDate":"","_EventEndDate":"","_EventStartDateUTC":"","_EventEndDateUTC":"","_EventShowMap":false,"_EventShowMapLink":false,"_EventURL":"","_EventCost":"","_EventCostDescription":"","_EventCurrencySymbol":"","_EventCurrencyCode":"","_EventCurrencyPosition":"","_EventDateTimeSeparator":"","_EventTimeRangeSeparator":"","_EventOrganizerID":[],"_EventVenueID":[],"_OrganizerEmail":"","_OrganizerPhone":"","_OrganizerWebsite":"","_VenueAddress":"","_VenueCity":"","_VenueCountry":"","_VenueProvince":"","_VenueState":"","_VenueZip":"","_VenuePhone":"","_VenueURL":"","_VenueStateProvince":"","_VenueLat":"","_VenueLng":"","_VenueShowMap":false,"_VenueShowMapLink":false,"footnotes":""},"class_list":["post-144","page","type-page","status-publish","hentry"],"_links":{"self":[{"href":"https:\/\/fernandapolicarpo2025.pt\/fernanda\/index.php\/wp-json\/wp\/v2\/pages\/144","targetHints":{"allow":["GET"]}}],"collection":[{"href":"https:\/\/fernandapolicarpo2025.pt\/fernanda\/index.php\/wp-json\/wp\/v2\/pages"}],"about":[{"href":"https:\/\/fernandapolicarpo2025.pt\/fernanda\/index.php\/wp-json\/wp\/v2\/types\/page"}],"author":[{"embeddable":true,"href":"https:\/\/fernandapolicarpo2025.pt\/fernanda\/index.php\/wp-json\/wp\/v2\/users\/1"}],"replies":[{"embeddable":true,"href":"https:\/\/fernandapolicarpo2025.pt\/fernanda\/index.php\/wp-json\/wp\/v2\/comments?post=144"}],"version-history":[{"count":16,"href":"https:\/\/fernandapolicarpo2025.pt\/fernanda\/index.php\/wp-json\/wp\/v2\/pages\/144\/revisions"}],"predecessor-version":[{"id":378,"href":"https:\/\/fernandapolicarpo2025.pt\/fernanda\/index.php\/wp-json\/wp\/v2\/pages\/144\/revisions\/378"}],"wp:attachment":[{"href":"https:\/\/fernandapolicarpo2025.pt\/fernanda\/index.php\/wp-json\/wp\/v2\/media?parent=144"}],"curies":[{"name":"wp","href":"https:\/\/api.w.org\/{rel}","templated":true}]}}