{"id":2,"date":"2025-08-31T22:03:25","date_gmt":"2025-08-31T22:03:25","guid":{"rendered":"http:\/\/fernandapolicarpo2025.pt\/fernanda\/?page_id=2"},"modified":"2025-09-18T23:18:41","modified_gmt":"2025-09-18T23:18:41","slug":"pagina-exemplo","status":"publish","type":"page","link":"https:\/\/fernandapolicarpo2025.pt\/fernanda\/index.php\/pagina-exemplo\/","title":{"rendered":"AGENDA"},"content":{"rendered":"\t\t<div data-elementor-type=\"wp-page\" data-elementor-id=\"2\" class=\"elementor elementor-2\" data-elementor-post-type=\"page\">\n\t\t\t\t<div class=\"elementor-element elementor-element-332a24ff e-flex e-con-boxed e-con e-parent\" data-id=\"332a24ff\" data-element_type=\"container\">\n\t\t\t\t\t<div class=\"e-con-inner\">\n\t\t\t\t<div class=\"elementor-element elementor-element-5238f7d9 elementor-widget elementor-widget-text-editor\" data-id=\"5238f7d9\" data-element_type=\"widget\" data-widget_type=\"text-editor.default\">\n\t\t\t\t\t\t\t\t\t\n<p>Cronograma Previsto<\/p>\n\t\t\t\t\t\t\t\t<\/div>\n\t\t\t\t\t<\/div>\n\t\t\t\t<\/div>\n\t\t<div class=\"elementor-element elementor-element-26a9ff5 e-flex e-con-boxed e-con e-parent\" data-id=\"26a9ff5\" data-element_type=\"container\">\n\t\t\t\t\t<div class=\"e-con-inner\">\n\t\t\t\t<div class=\"elementor-element elementor-element-8f0c078 elementor-widget elementor-widget-elementskit-accordion\" data-id=\"8f0c078\" data-element_type=\"widget\" data-widget_type=\"elementskit-accordion.default\">\n\t\t\t\t\t<div class=\"ekit-wid-con\" >\n        <div class=\"elementskit-accordion accoedion-primary\" id=\"accordion-69ef319b87e57\">\n\n            \n                <div class=\"elementskit-card active\">\n                    <div class=\"elementskit-card-header\" id=\"primaryHeading-0-8f0c078\">\n                        <a href=\"#collapse-aefb91869ef319b87e57\" class=\"ekit-accordion--toggler elementskit-btn-link collapsed\" data-ekit-toggle=\"collapse\" data-target=\"#Collapse-aefb91869ef319b87e57\" aria-expanded=\"true\" aria-controls=\"Collapse-aefb91869ef319b87e57\">\n                            \n                            <span class=\"ekit-accordion-title\">20 SETEMBRO<\/span>\n\n                            \n                                <div class=\"ekit_accordion_icon_group\">\n                                    <div class=\"ekit_accordion_normal_icon\">\n                                        <!-- Normal Icon -->\n\t\t\t\t\t\t\t\t\t\t<i class=\"icon icon-down-arrow1\"><\/i>                                    <\/div>\n\n                                    <div class=\"ekit_accordion_active_icon\">\n                                        <!-- Active Icon -->\n\t\t\t\t\t\t\t\t\t\t<i class=\"icon icon-up-arrow\"><\/i>                                    <\/div>\n                                <\/div>\n\n                            \n                                                    <\/a>\n                    <\/div>\n\n                    <div id=\"Collapse-aefb91869ef319b87e57\" class=\" show collapse\" aria-labelledby=\"primaryHeading-0-8f0c078\" data-parent=\"#accordion-69ef319b87e57\">\n\n                        <div class=\"elementskit-card-body ekit-accordion--content\">\n                            <h2>18h00 ALAMEDA PRA\u00c7A DA REP\u00daBICA NISA<\/h2>\n<h1 class=\"tribe-events-single-event-title\">\u00a0<\/h1>\n<figure id=\"attachment_607\" aria-describedby=\"caption-attachment-607\" style=\"width: 512px\" class=\"wp-caption alignnone\"><img fetchpriority=\"high\" decoding=\"async\" class=\"size-full wp-image-607\" src=\"https:\/\/fernandapolicarpo2025.pt\/fernanda\/wp-content\/uploads\/2025\/09\/547925334_122117609192978998_8161321909876892817_n.jpg\" alt=\"apresenta\u00e7\u00e3o fernanda policarpo\" width=\"512\" height=\"640\" srcset=\"https:\/\/fernandapolicarpo2025.pt\/fernanda\/wp-content\/uploads\/2025\/09\/547925334_122117609192978998_8161321909876892817_n.jpg 512w, https:\/\/fernandapolicarpo2025.pt\/fernanda\/wp-content\/uploads\/2025\/09\/547925334_122117609192978998_8161321909876892817_n-240x300.jpg 240w\" sizes=\"(max-width: 512px) 100vw, 512px\" \/><figcaption id=\"caption-attachment-607\" class=\"wp-caption-text\">apresenta\u00e7\u00e3o fernanda policarpo<\/figcaption><\/figure>\n<h3 class=\"tribe-events-single-event-title\">Apresenta\u00e7\u00e3o da candidatura \u00e0 C\u00e2mara Municipal de Nisa\u00a0<\/h3>\n<pre>Fernanda Policarpo 2025<\/pre>\n<div class=\"post-606 tribe_events type-tribe_events status-future has-post-thumbnail hentry tribe_events_cat-apresentacao cat_apresentacao\">\n<div class=\"tribe-events-schedule tribe-clearfix\">\u00a0<\/div>\n<\/div>                        <\/div>\n\n                    <\/div>\n\n                <\/div><!-- .elementskit-card END -->\n\n                \n                <div class=\"elementskit-card \">\n                    <div class=\"elementskit-card-header\" id=\"primaryHeading-1-8f0c078\">\n                        <a href=\"#collapse-f2f4b5a69ef319b87e57\" class=\"ekit-accordion--toggler elementskit-btn-link collapsed\" data-ekit-toggle=\"collapse\" data-target=\"#Collapse-f2f4b5a69ef319b87e57\" aria-expanded=\"false\" aria-controls=\"Collapse-f2f4b5a69ef319b87e57\">\n                            \n                            <span class=\"ekit-accordion-title\">Semana2<\/span>\n\n                            \n                                <div class=\"ekit_accordion_icon_group\">\n                                    <div class=\"ekit_accordion_normal_icon\">\n                                        <!-- Normal Icon -->\n\t\t\t\t\t\t\t\t\t\t<i class=\"icon icon-down-arrow1\"><\/i>                                    <\/div>\n\n                                    <div class=\"ekit_accordion_active_icon\">\n                                        <!-- Active Icon -->\n\t\t\t\t\t\t\t\t\t\t<i class=\"icon icon-up-arrow\"><\/i>                                    <\/div>\n                                <\/div>\n\n                            \n                                                    <\/a>\n                    <\/div>\n\n                    <div id=\"Collapse-f2f4b5a69ef319b87e57\" class=\" collapse\" aria-labelledby=\"primaryHeading-1-8f0c078\" data-parent=\"#accordion-69ef319b87e57\">\n\n                        <div class=\"elementskit-card-body ekit-accordion--content\">\n                            <p>Apresenta\u00e7\u00e3o foemal da Candidatura<\/p>                        <\/div>\n\n                    <\/div>\n\n                <\/div><!-- .elementskit-card END -->\n\n                \n                <div class=\"elementskit-card active\">\n                    <div class=\"elementskit-card-header\" id=\"primaryHeading-2-8f0c078\">\n                        <a href=\"#collapse-80802bb69ef319b87e57\" class=\"ekit-accordion--toggler elementskit-btn-link collapsed\" data-ekit-toggle=\"collapse\" data-target=\"#Collapse-80802bb69ef319b87e57\" aria-expanded=\"true\" aria-controls=\"Collapse-80802bb69ef319b87e57\">\n                            \n                            <span class=\"ekit-accordion-title\">Setembro Semana <\/span>\n\n                            \n                                <div class=\"ekit_accordion_icon_group\">\n                                    <div class=\"ekit_accordion_normal_icon\">\n                                        <!-- Normal Icon -->\n\t\t\t\t\t\t\t\t\t\t<i class=\"icon icon-down-arrow1\"><\/i>                                    <\/div>\n\n                                    <div class=\"ekit_accordion_active_icon\">\n                                        <!-- Active Icon -->\n\t\t\t\t\t\t\t\t\t\t<i class=\"icon icon-up-arrow\"><\/i>                                    <\/div>\n                                <\/div>\n\n                            \n                                                    <\/a>\n                    <\/div>\n\n                    <div id=\"Collapse-80802bb69ef319b87e57\" class=\" show collapse\" aria-labelledby=\"primaryHeading-2-8f0c078\" data-parent=\"#accordion-69ef319b87e57\">\n\n                        <div class=\"elementskit-card-body ekit-accordion--content\">\n                            <p>Contacto com a Popula\u00e7\u00e3o<\/p>                        <\/div>\n\n                    <\/div>\n\n                <\/div><!-- .elementskit-card END -->\n\n                                        <\/div>\n    <\/div>\t\t\t\t<\/div>\n\t\t\t\t\t<\/div>\n\t\t\t\t<\/div>\n\t\t<div class=\"elementor-element elementor-element-a986ccb e-flex e-con-boxed e-con e-parent\" data-id=\"a986ccb\" data-element_type=\"container\">\n\t\t\t\t\t<div class=\"e-con-inner\">\n\t\t\t\t<div class=\"elementor-element elementor-element-9829cf6 elementor-widget elementor-widget-tec_events_elementor_widget_event_calendar_link\" data-id=\"9829cf6\" data-element_type=\"widget\" data-widget_type=\"tec_events_elementor_widget_event_calendar_link.default\">\n\t\t\t\t<div class=\"elementor-widget-container\">\n\t\t\t\t\t<p  class=\"tec-events-back\" >\n\t<a href=\"https:\/\/fernandapolicarpo2025.pt\/fernanda\/index.php\/events\/\" >&laquo; Todos Eventos<\/a>\n<\/p>\t\t\t\t<\/div>\n\t\t\t\t<\/div>\n\t\t\t\t\t<\/div>\n\t\t\t\t<\/div>\n\t\t\t\t<\/div>\n\t\t","protected":false},"excerpt":{"rendered":"<p>Cronograma Previsto 20 SETEMBRO 18h00 ALAMEDA PRA\u00c7A DA REP\u00daBICA NISA \u00a0 apresenta\u00e7\u00e3o fernanda policarpo Apresenta\u00e7\u00e3o da candidatura \u00e0 C\u00e2mara Municipal de Nisa\u00a0 Fernanda Policarpo 2025 \u00a0 Semana2 Apresenta\u00e7\u00e3o foemal da [&hellip;]<\/p>\n","protected":false},"author":1,"featured_media":0,"parent":0,"menu_order":0,"comment_status":"closed","ping_status":"open","template":"","meta":{"postBodyCss":"","postBodyMargin":[],"postBodyPadding":[],"postBodyBackground":{"backgroundType":"classic","gradient":""},"_EventAllDay":false,"_EventTimezone":"","_EventStartDate":"","_EventEndDate":"","_EventStartDateUTC":"","_EventEndDateUTC":"","_EventShowMap":false,"_EventShowMapLink":false,"_EventURL":"","_EventCost":"","_EventCostDescription":"","_EventCurrencySymbol":"","_EventCurrencyCode":"","_EventCurrencyPosition":"","_EventDateTimeSeparator":"","_EventTimeRangeSeparator":"","_EventOrganizerID":[],"_EventVenueID":[],"_OrganizerEmail":"","_OrganizerPhone":"","_OrganizerWebsite":"","_VenueAddress":"","_VenueCity":"","_VenueCountry":"","_VenueProvince":"","_VenueState":"","_VenueZip":"","_VenuePhone":"","_VenueURL":"","_VenueStateProvince":"","_VenueLat":"","_VenueLng":"","_VenueShowMap":false,"_VenueShowMapLink":false,"footnotes":""},"class_list":["post-2","page","type-page","status-publish","hentry"],"_links":{"self":[{"href":"https:\/\/fernandapolicarpo2025.pt\/fernanda\/index.php\/wp-json\/wp\/v2\/pages\/2","targetHints":{"allow":["GET"]}}],"collection":[{"href":"https:\/\/fernandapolicarpo2025.pt\/fernanda\/index.php\/wp-json\/wp\/v2\/pages"}],"about":[{"href":"https:\/\/fernandapolicarpo2025.pt\/fernanda\/index.php\/wp-json\/wp\/v2\/types\/page"}],"author":[{"embeddable":true,"href":"https:\/\/fernandapolicarpo2025.pt\/fernanda\/index.php\/wp-json\/wp\/v2\/users\/1"}],"replies":[{"embeddable":true,"href":"https:\/\/fernandapolicarpo2025.pt\/fernanda\/index.php\/wp-json\/wp\/v2\/comments?post=2"}],"version-history":[{"count":13,"href":"https:\/\/fernandapolicarpo2025.pt\/fernanda\/index.php\/wp-json\/wp\/v2\/pages\/2\/revisions"}],"predecessor-version":[{"id":630,"href":"https:\/\/fernandapolicarpo2025.pt\/fernanda\/index.php\/wp-json\/wp\/v2\/pages\/2\/revisions\/630"}],"wp:attachment":[{"href":"https:\/\/fernandapolicarpo2025.pt\/fernanda\/index.php\/wp-json\/wp\/v2\/media?parent=2"}],"curies":[{"name":"wp","href":"https:\/\/api.w.org\/{rel}","templated":true}]}}