{"id":30,"date":"2025-08-31T23:05:57","date_gmt":"2025-08-31T23:05:57","guid":{"rendered":"http:\/\/fernandapolicarpo2025.pt\/fernanda\/index.php\/workshops\/"},"modified":"2025-09-07T16:08:12","modified_gmt":"2025-09-07T16:08:12","slug":"workshops","status":"publish","type":"page","link":"https:\/\/fernandapolicarpo2025.pt\/fernanda\/index.php\/workshops\/","title":{"rendered":"PROGRAMA"},"content":{"rendered":"\t\t<div data-elementor-type=\"wp-page\" data-elementor-id=\"30\" class=\"elementor elementor-30\" data-elementor-post-type=\"page\">\n\t\t\t\t<div class=\"elementor-element elementor-element-d9014e7 e-flex e-con-boxed e-con e-parent\" data-id=\"d9014e7\" data-element_type=\"container\">\n\t\t\t\t\t<div class=\"e-con-inner\">\n\t\t\t\t<div class=\"elementor-element elementor-element-d1bdfd9 elementor-widget elementor-widget-heading\" data-id=\"d1bdfd9\" data-element_type=\"widget\" data-widget_type=\"heading.default\">\n\t\t\t\t\t<h5 class=\"elementor-heading-title elementor-size-default\">Candidatura \u00e0 Presid\u00eancia da C\u00e2mara Municipal de Nisa<\/h5>\t\t\t\t<\/div>\n\t\t\t\t\t<\/div>\n\t\t\t\t<\/div>\n\t\t<div class=\"elementor-element elementor-element-42028c9 e-flex e-con-boxed e-con e-parent\" data-id=\"42028c9\" data-element_type=\"container\">\n\t\t\t\t\t<div class=\"e-con-inner\">\n\t\t\t\t<div class=\"elementor-element elementor-element-9406eae elementor-widget elementor-widget-text-editor\" data-id=\"9406eae\" data-element_type=\"widget\" data-widget_type=\"text-editor.default\">\n\t\t\t\t\t\t\t\t\t<p data-start=\"1407\" data-end=\"1523\">Candidato-me \u00e0 Presid\u00eancia da C\u00e2mara Municipal de Nisa com um compromisso firme: trabalhar por todos e com todos.<\/p><p data-start=\"1531\" data-end=\"1817\">Nisa tem uma identidade forte, uma hist\u00f3ria rica e um futuro promissor. \u00c9 tempo de valorizar as nossas tradi\u00e7\u00f5es, mas tamb\u00e9m de abrir caminhos para novas oportunidades. Queremos um concelho com mais dinamismo econ\u00f3mico, mais qualidade de vida, mais coes\u00e3o social e mais transpar\u00eancia.<\/p><p data-start=\"1825\" data-end=\"1995\">N\u00e3o prometemos tudo a todos, mas garantimos dedica\u00e7\u00e3o, proximidade e trabalho constante. Queremos que cada cidad\u00e3o sinta orgulho em viver, trabalhar e investir em Nisa.<\/p><p data-start=\"2003\" data-end=\"2109\">Juntos, vamos construir um concelho mais forte, mais unido e mais preparado para os desafios de amanh\u00e3.<\/p>\t\t\t\t\t\t\t\t<\/div>\n\t\t\t\t\t<\/div>\n\t\t\t\t<\/div>\n\t\t<div class=\"elementor-element elementor-element-640c248 e-flex e-con-boxed e-con e-parent\" data-id=\"640c248\" data-element_type=\"container\">\n\t\t\t\t\t<div class=\"e-con-inner\">\n\t\t\t\t<div class=\"elementor-element elementor-element-3d92c93 elementor-widget elementor-widget-text-editor\" data-id=\"3d92c93\" data-element_type=\"widget\" data-widget_type=\"text-editor.default\">\n\t\t\t\t\t\t\t\t\t<h3 data-start=\"296\" data-end=\"332\">1. Desenvolvimento e Progresso<\/h3><ul data-start=\"333\" data-end=\"514\"><li data-start=\"333\" data-end=\"382\"><p data-start=\"335\" data-end=\"382\">Promover a dinamiza\u00e7\u00e3o econ\u00f3mica do concelho.<\/p><\/li><li data-start=\"383\" data-end=\"451\"><p data-start=\"385\" data-end=\"451\">Apoiar a cria\u00e7\u00e3o de oportunidades de emprego e empreendedorismo.<\/p><\/li><li data-start=\"452\" data-end=\"514\"><p data-start=\"454\" data-end=\"514\">Valorizar os produtos, tradi\u00e7\u00f5es e potencialidades locais.<\/p><\/li><\/ul><h3 data-start=\"516\" data-end=\"542\">2. Turismo e Cultura<\/h3><ul data-start=\"543\" data-end=\"715\"><li data-start=\"543\" data-end=\"593\"><p data-start=\"545\" data-end=\"593\">Refor\u00e7ar a atratividade tur\u00edstica do concelho.<\/p><\/li><li data-start=\"594\" data-end=\"662\"><p data-start=\"596\" data-end=\"662\">Preservar e divulgar o patrim\u00f3nio hist\u00f3rico, cultural e natural.<\/p><\/li><li data-start=\"663\" data-end=\"715\"><p data-start=\"665\" data-end=\"715\">Incentivar eventos que unam tradi\u00e7\u00e3o e inova\u00e7\u00e3o.<\/p><\/li><\/ul><h3 data-start=\"717\" data-end=\"743\">3. Qualidade de Vida<\/h3><ul data-start=\"744\" data-end=\"891\"><li data-start=\"744\" data-end=\"792\"><p data-start=\"746\" data-end=\"792\">Melhorar servi\u00e7os p\u00fablicos e de proximidade.<\/p><\/li><li data-start=\"793\" data-end=\"832\"><p data-start=\"795\" data-end=\"832\">Apoiar fam\u00edlias, jovens e seniores.<\/p><\/li><li data-start=\"833\" data-end=\"891\"><p data-start=\"835\" data-end=\"891\">Promover pol\u00edticas de inclus\u00e3o e solidariedade social.<\/p><\/li><\/ul><h3 data-start=\"893\" data-end=\"929\">4. Ambiente e Sustentabilidade<\/h3><ul data-start=\"930\" data-end=\"1124\"><li data-start=\"930\" data-end=\"988\"><p data-start=\"932\" data-end=\"988\">Apostar numa gest\u00e3o respons\u00e1vel dos recursos naturais.<\/p><\/li><li data-start=\"989\" data-end=\"1044\"><p data-start=\"991\" data-end=\"1044\">Valorizar as paisagens e \u00e1reas naturais protegidas.<\/p><\/li><li data-start=\"1045\" data-end=\"1124\"><p data-start=\"1047\" data-end=\"1124\">Incentivar pr\u00e1ticas sustent\u00e1veis no dia a dia da autarquia e da comunidade.<\/p><\/li><\/ul><h3 data-start=\"1126\" data-end=\"1157\">5. Futuro e Transpar\u00eancia<\/h3><ul data-start=\"1158\" data-end=\"1355\"><li data-start=\"1158\" data-end=\"1221\"><p data-start=\"1160\" data-end=\"1221\">Refor\u00e7ar a participa\u00e7\u00e3o c\u00edvica e o di\u00e1logo com os cidad\u00e3os.<\/p><\/li><li data-start=\"1222\" data-end=\"1274\"><p data-start=\"1224\" data-end=\"1274\">Garantir uma gest\u00e3o clara, eficiente e rigorosa.<\/p><\/li><li data-start=\"1275\" data-end=\"1355\"><p data-start=\"1277\" data-end=\"1355\">Trabalhar para um concelho mais moderno, inovador e preparado para o futuro.<\/p><\/li><\/ul>\t\t\t\t\t\t\t\t<\/div>\n\t\t\t\t\t<\/div>\n\t\t\t\t<\/div>\n\t\t\t\t<\/div>\n\t\t","protected":false},"excerpt":{"rendered":"<p>Candidatura \u00e0 Presid\u00eancia da C\u00e2mara Municipal de Nisa Candidato-me \u00e0 Presid\u00eancia da C\u00e2mara Municipal de Nisa com um compromisso firme: trabalhar por todos e com todos. Nisa tem uma identidade [&hellip;]<\/p>\n","protected":false},"author":1,"featured_media":0,"parent":0,"menu_order":0,"comment_status":"closed","ping_status":"closed","template":"elementor_header_footer","meta":{"postBodyCss":"","postBodyMargin":[],"postBodyPadding":[],"postBodyBackground":{"backgroundType":"classic","gradient":""},"_EventAllDay":false,"_EventTimezone":"","_EventStartDate":"","_EventEndDate":"","_EventStartDateUTC":"","_EventEndDateUTC":"","_EventShowMap":false,"_EventShowMapLink":false,"_EventURL":"","_EventCost":"","_EventCostDescription":"","_EventCurrencySymbol":"","_EventCurrencyCode":"","_EventCurrencyPosition":"","_EventDateTimeSeparator":"","_EventTimeRangeSeparator":"","_EventOrganizerID":[],"_EventVenueID":[],"_OrganizerEmail":"","_OrganizerPhone":"","_OrganizerWebsite":"","_VenueAddress":"","_VenueCity":"","_VenueCountry":"","_VenueProvince":"","_VenueState":"","_VenueZip":"","_VenuePhone":"","_VenueURL":"","_VenueStateProvince":"","_VenueLat":"","_VenueLng":"","_VenueShowMap":false,"_VenueShowMapLink":false,"footnotes":""},"class_list":["post-30","page","type-page","status-publish","hentry"],"_links":{"self":[{"href":"https:\/\/fernandapolicarpo2025.pt\/fernanda\/index.php\/wp-json\/wp\/v2\/pages\/30","targetHints":{"allow":["GET"]}}],"collection":[{"href":"https:\/\/fernandapolicarpo2025.pt\/fernanda\/index.php\/wp-json\/wp\/v2\/pages"}],"about":[{"href":"https:\/\/fernandapolicarpo2025.pt\/fernanda\/index.php\/wp-json\/wp\/v2\/types\/page"}],"author":[{"embeddable":true,"href":"https:\/\/fernandapolicarpo2025.pt\/fernanda\/index.php\/wp-json\/wp\/v2\/users\/1"}],"replies":[{"embeddable":true,"href":"https:\/\/fernandapolicarpo2025.pt\/fernanda\/index.php\/wp-json\/wp\/v2\/comments?post=30"}],"version-history":[{"count":14,"href":"https:\/\/fernandapolicarpo2025.pt\/fernanda\/index.php\/wp-json\/wp\/v2\/pages\/30\/revisions"}],"predecessor-version":[{"id":575,"href":"https:\/\/fernandapolicarpo2025.pt\/fernanda\/index.php\/wp-json\/wp\/v2\/pages\/30\/revisions\/575"}],"wp:attachment":[{"href":"https:\/\/fernandapolicarpo2025.pt\/fernanda\/index.php\/wp-json\/wp\/v2\/media?parent=30"}],"curies":[{"name":"wp","href":"https:\/\/api.w.org\/{rel}","templated":true}]}}